{"id":5,"date":"2017-01-02T08:28:52","date_gmt":"2017-01-02T08:28:52","guid":{"rendered":"https:\/\/demo.themegrill.com\/flash-default-2\/?page_id=5"},"modified":"2026-01-26T21:40:35","modified_gmt":"2026-01-26T21:40:35","slug":"home","status":"publish","type":"page","link":"https:\/\/ascierj.com.br\/site\/","title":{"rendered":"Home"},"content":{"rendered":"<div id=\"fb-root\"><\/div>\n<div id=\"pl-5\"  class=\"panel-layout\" ><div id=\"pg-5-0\"  class=\"panel-grid panel-has-style\" ><div class=\"siteorigin-panels-stretch panel-row-style panel-row-style-for-5-0\" data-stretch-type=\"full-width-stretch\" ><div id=\"pgc-5-0-0\"  class=\"panel-grid-cell\" ><div id=\"panel-5-0-0-0\" class=\"so-panel widget widget_themegrill_flash_slider tg-section tg-slider-widget panel-first-child panel-last-child\" data-index=\"0\" ><div class=\"panel-widget-style panel-widget-style-for-5-0-0-0\" ><div class=\"tg-slider-widget slider-light slider-content-center slider-control-center full-width\">\n\t<div class=\"swiper-container\">\n\t\t<div class=\"swiper-wrapper\">\n\t\t\t\n\t\t\t\t\t<div class=\"swiper-slide\">\n\t\t\t\t\t\t<figure class=\"slider-image\" >\n\t\t\t\t\t\t\t<img width=\"1920\" height=\"700\"\t\t\t\t\t\t\t\t\tsrc=\"https:\/\/ascierj.com.br\/site\/wp-content\/uploads\/2025\/07\/LOREM-IPSUM-DOLLOR.png\"\n\t\t\t\t\t\t\t\t\talt=\"Elei\u00e7\u00f5es 2026\"\n\t\t\t\t\t\t\t\t\ttitle=\"Elei\u00e7\u00f5es 2026\"\/>\n\t\t\t\t\t\t\t<div class=\"overlay\"><\/div>\n\t\t\t\t\t\t<\/figure>\n\t\t\t\t\t\t<div class=\"slider-content\">\n\t\t\t\t\t\t\t<div class=\"tg-container\">\n\t\t\t\t\t\t\t\t<div class=\"caption-title\">Elei\u00e7\u00f5es 2026<\/div>\n\t\t\t\t\t\t\t\t<div class=\"caption-desc\"><\/div>\n\t\t\t\t\t\t\t\t\t\t\t\t\t\t\t\t\t<div class=\"btn-wrapper\">\n\t\t\t\t\t\t\t\t\t\t<a href=\"https:\/\/ascierj.com.br\/site\/transparencia\/eleicoes\/\">Ver informa\u00e7\u00f5es<\/a>\n\t\t\t\t\t\t\t\t\t<\/div>\n\t\t\t\t\t\t\t\t\t\t\t\t\t\t\t<\/div>\n\t\t\t\t\t\t<\/div>\n\t\t\t\t\t<\/div>\n\n\t\t\t\t\n\t\t\t\t\t<div class=\"swiper-slide\">\n\t\t\t\t\t\t<figure class=\"slider-image\" >\n\t\t\t\t\t\t\t<img width=\"1920\" height=\"700\"\t\t\t\t\t\t\t\t\tsrc=\"https:\/\/ascierj.com.br\/site\/wp-content\/uploads\/2025\/07\/LOREM-IPSUM-DOLLOR.png\"\n\t\t\t\t\t\t\t\t\talt=\"Edital de Convoca\u00e7\u00e3o - Elei\u00e7\u00f5es 2026\/2027\"\n\t\t\t\t\t\t\t\t\ttitle=\"Edital de Convoca\u00e7\u00e3o - Elei\u00e7\u00f5es 2026\/2027\"\/>\n\t\t\t\t\t\t\t<div class=\"overlay\"><\/div>\n\t\t\t\t\t\t<\/figure>\n\t\t\t\t\t\t<div class=\"slider-content\">\n\t\t\t\t\t\t\t<div class=\"tg-container\">\n\t\t\t\t\t\t\t\t<div class=\"caption-title\">Edital de Convoca\u00e7\u00e3o - Elei\u00e7\u00f5es 2026\/2027<\/div>\n\t\t\t\t\t\t\t\t<div class=\"caption-desc\"><\/div>\n\t\t\t\t\t\t\t\t\t\t\t\t\t\t\t\t\t<div class=\"btn-wrapper\">\n\t\t\t\t\t\t\t\t\t\t<a href=\"https:\/\/ascierj.com.br\/site\/edital-de-convocacao-eleicao-bienio-2026-2027\/\">Ler edital<\/a>\n\t\t\t\t\t\t\t\t\t<\/div>\n\t\t\t\t\t\t\t\t\t\t\t\t\t\t\t<\/div>\n\t\t\t\t\t\t<\/div>\n\t\t\t\t\t<\/div>\n\n\t\t\t\t\n\t\t\t\t\t<div class=\"swiper-slide\">\n\t\t\t\t\t\t<figure class=\"slider-image\" >\n\t\t\t\t\t\t\t<img width=\"1920\" height=\"700\"\t\t\t\t\t\t\t\t\tsrc=\"https:\/\/ascierj.com.br\/site\/wp-content\/uploads\/2024\/09\/novosAuditores.png\"\n\t\t\t\t\t\t\t\t\talt=\"Novos Auditores do Estado do Rio de Janeiro\"\n\t\t\t\t\t\t\t\t\ttitle=\"Novos Auditores do Estado do Rio de Janeiro\"\/>\n\t\t\t\t\t\t\t<div class=\"overlay\"><\/div>\n\t\t\t\t\t\t<\/figure>\n\t\t\t\t\t\t<div class=\"slider-content\">\n\t\t\t\t\t\t\t<div class=\"tg-container\">\n\t\t\t\t\t\t\t\t<div class=\"caption-title\">Novos Auditores do Estado do Rio de Janeiro<\/div>\n\t\t\t\t\t\t\t\t<div class=\"caption-desc\"><\/div>\n\t\t\t\t\t\t\t\t\t\t\t\t\t\t\t\t\t<div class=\"btn-wrapper\">\n\t\t\t\t\t\t\t\t\t\t<a href=\"https:\/\/ascierj.com.br\/site\/novos-auditores-do-estado-do-rio-de-janeiro\/\">Ver not\u00edcia<\/a>\n\t\t\t\t\t\t\t\t\t<\/div>\n\t\t\t\t\t\t\t\t\t\t\t\t\t\t\t<\/div>\n\t\t\t\t\t\t<\/div>\n\t\t\t\t\t<\/div>\n\n\t\t\t\t\t\t<\/div>\n\t\t<div class=\"swiper-pagination\"><\/div>\n\t\t<div class=\"slider-arrow\">\n\t\t\t<div class=\"swiper-button-next\"><\/div>\n\t\t\t<div class=\"swiper-button-prev\"><\/div>\n\t\t<\/div>\n\t<\/div>\n<\/div>\n<\/div><\/div><\/div><\/div><\/div><div id=\"pg-5-1\"  class=\"panel-grid panel-has-style\" ><div class=\"panel-row-style panel-row-style-for-5-1\" ><div id=\"pgc-5-1-0\"  class=\"panel-grid-cell\" ><div id=\"panel-5-1-0-0\" class=\"so-panel widget widget_themegrill_flash_heading tg-widget section-title-wrapper panel-first-child\" data-index=\"1\" ><div class=\"panel-widget-style panel-widget-style-for-5-1-0-0\" >\t<h3 class=\"section-title\">Associa\u00e7\u00e3o dos Servidores do Controle Interno<\/h3>\n\t<div class=\"section-description\">A Associa\u00e7\u00e3o dos Servidores do Controle Interno do Estado do Rio de Janeiro - ASCIERJ, fundada em 17 de junho de 2008, \u00e9 uma entidade civil de direito privado, de car\u00e1ter assistencial, t\u00e9cnico e cultural, atuando como a organiza\u00e7\u00e3o representativa dos profissionais do Controle Interno da Administra\u00e7\u00e3o P\u00fablica no Estado do Rio de Janeiro.<\/div>\n<\/div><\/div><div id=\"panel-5-1-0-1\" class=\"so-panel widget widget_themegrill_flash_heading tg-widget section-title-wrapper\" data-index=\"2\" ><div class=\"panel-widget-style panel-widget-style-for-5-1-0-1\" >\t<h3 class=\"section-title\">Contato<\/h3>\n\t<div class=\"section-description\">faleconosco@ascierj.com.br<\/div>\n<\/div><\/div><div id=\"panel-5-1-0-2\" class=\"so-panel widget widget_themegrill_flash_heading tg-widget section-title-wrapper panel-last-child\" data-index=\"3\" ><div class=\"panel-widget-style panel-widget-style-for-5-1-0-2\" >\t<div class=\"section-description\">presidente@ascierj.com.br<\/div>\n<\/div><\/div><\/div><\/div><\/div><div id=\"pg-5-2\"  class=\"panel-grid panel-has-style\" ><div class=\"so-parallax siteorigin-panels-stretch panel-row-style panel-row-style-for-5-2\" data-stretch-type=\"full-width-stretch\" ><div id=\"pgc-5-2-0\"  class=\"panel-grid-cell\" ><div id=\"panel-5-2-0-0\" class=\"so-panel widget widget_themegrill_flash_cta tg-widget call-to-action-section panel-first-child panel-last-child\" data-index=\"4\" ><div class=\"panel-widget-style panel-widget-style-for-5-2-0-0\" ><div class=\"cta-wrapper call-to-action-section-layout-1\">\n\t<div class=\"section-title-wrapper\">\n\t\t\t\t<h3 class=\"section-title\">Minha ASCIERJ<\/h3>\n\t\t\t\t<h4 class=\"section-subtitle\">Acesse a \u00e1rea logada e tenha acesso a conte\u00fado exclusivo para associados.<\/h4>\n\t\t\t<\/div>\n\t\t<div class=\"btn-wrapper\">\n\t\t\t\t<a class=\"btn\" href=\"https:\/\/ascierj.com.br\/associado\/\">Acessar<\/a>\n\t\t\t\t\t<\/div>\n\t<\/div>\n<\/div><\/div><\/div><\/div><\/div><div id=\"pg-5-3\"  class=\"panel-grid panel-has-style\" ><div class=\"panel-row-style panel-row-style-for-5-3\" ><div id=\"pgc-5-3-0\"  class=\"panel-grid-cell\" ><div id=\"panel-5-3-0-0\" class=\"so-panel widget widget_themegrill_flash_heading tg-widget section-title-wrapper panel-first-child\" data-index=\"5\" >\t<h3 class=\"section-title\">\u00daltimas Not\u00edcias<\/h3>\n\t<div class=\"section-description\">Fique bem informado com nossas not\u00edcias mais recentes<\/div>\n<\/div><div id=\"panel-5-3-0-1\" class=\"so-panel widget widget_themegrill_flash_blog tg-widget blog-section panel-last-child\" data-index=\"6\" >\n<div class=\"blog-wrapper tg-column-wrapper tg-blog-widget-layout-2\">\n\t\t<div class=\"tg-blog-widget tg-column-3\">\n\t\t\t\t<div class=\"post-image \">\n\t\t\t<figure><a href=\"https:\/\/ascierj.com.br\/site\/boas-festas-e-feliz-2026\/\" title=\"Boas Festas e Feliz 2026\"><img loading=\"lazy\" decoding=\"async\" width=\"370\" height=\"270\" src=\"https:\/\/ascierj.com.br\/site\/wp-content\/uploads\/2025\/12\/Ano-Novo_20251220_102537_0000-370x270.png\" class=\"attachment-flash-grid size-flash-grid wp-post-image\" alt=\"\" \/><\/a><\/figure>\t\t\t<span class=\"entry-date\">\n\t\t\t\t<i class=\"fa fa-clock-o\"><\/i><a href=\"https:\/\/ascierj.com.br\/site\/boas-festas-e-feliz-2026\/\" rel=\"bookmark\">20 Dezembro, 2025<\/a>\n\t\t\t<\/span>\n\t\t\t\t\t<\/div>\n\t\t<div class=\"blog-content\">\n\t\t\t<h3 class=\"entry-title\"><a href=\"https:\/\/ascierj.com.br\/site\/boas-festas-e-feliz-2026\/\">Boas Festas e Feliz 2026<\/a><\/h3>\n\t\t\t\t\t\t<div class=\"entry-summary\">\n\t\t\t\t<p>A ASCIERJ \u2013 Associa\u00e7\u00e3o dos Servidores do Controle Interno do Estado do Rio de Janeiro \u2013 dirige-se aos seus associados [&hellip;]<\/p>\n\t\t\t<\/div>\n\t\t\t\t\t\t<div class=\"read-more-container\">\n\t\t\t\t<span class=\"entry-author\">\n\t\t\t\t\t<i class=\"fa fa-user\"><\/i><a class=\"url fn n\" href=\"https:\/\/ascierj.com.br\/site\/author\/admin\/\">admin<\/a>\n\t\t\t\t<\/span>\n\t\t\t\t<div class=\"read-more\">\n\t\t\t\t\t<a href=\"https:\/\/ascierj.com.br\/site\/boas-festas-e-feliz-2026\/\">Read More<\/a>\n\t\t\t\t<\/div>\n\t\t\t<\/div>\n\t\t\t\t\t<\/div>\n\t<\/div>\n\t\t<div class=\"tg-blog-widget tg-column-3\">\n\t\t\t\t<div class=\"post-image \">\n\t\t\t<figure><a href=\"https:\/\/ascierj.com.br\/site\/edital-de-convocacao-eleicao-bienio-2026-2027\/\" title=\"EDITAL DE CONVOCA\u00c7\u00c3O &#8211; ELEI\u00c7\u00c3O BI\u00caNIO 2026\/2027\"><img loading=\"lazy\" decoding=\"async\" width=\"370\" height=\"270\" src=\"https:\/\/ascierj.com.br\/site\/wp-content\/uploads\/2025\/11\/EDITAL1-370x270.png\" class=\"attachment-flash-grid size-flash-grid wp-post-image\" alt=\"\" \/><\/a><\/figure>\t\t\t<span class=\"entry-date\">\n\t\t\t\t<i class=\"fa fa-clock-o\"><\/i><a href=\"https:\/\/ascierj.com.br\/site\/edital-de-convocacao-eleicao-bienio-2026-2027\/\" rel=\"bookmark\">27 Novembro, 2025<\/a>\n\t\t\t<\/span>\n\t\t\t\t\t<\/div>\n\t\t<div class=\"blog-content\">\n\t\t\t<h3 class=\"entry-title\"><a href=\"https:\/\/ascierj.com.br\/site\/edital-de-convocacao-eleicao-bienio-2026-2027\/\">EDITAL DE CONVOCA\u00c7\u00c3O &#8211; ELEI\u00c7\u00c3O BI\u00caNIO 2026\/2027<\/a><\/h3>\n\t\t\t\t\t\t<div class=\"entry-summary\">\n\t\t\t\t<p>O PRESIDENTE DA ASSOCIA\u00c7\u00c3O DOS SERVIDORES P\u00daBLICOS DO CONTROLE INTERNO DO ESTADO DO RIO DE JANEIRO &#8211; ASCIERJ, em cumprimento [&hellip;]<\/p>\n\t\t\t<\/div>\n\t\t\t\t\t\t<div class=\"read-more-container\">\n\t\t\t\t<span class=\"entry-author\">\n\t\t\t\t\t<i class=\"fa fa-user\"><\/i><a class=\"url fn n\" href=\"https:\/\/ascierj.com.br\/site\/author\/admin\/\">admin<\/a>\n\t\t\t\t<\/span>\n\t\t\t\t<div class=\"read-more\">\n\t\t\t\t\t<a href=\"https:\/\/ascierj.com.br\/site\/edital-de-convocacao-eleicao-bienio-2026-2027\/\">Read More<\/a>\n\t\t\t\t<\/div>\n\t\t\t<\/div>\n\t\t\t\t\t<\/div>\n\t<\/div>\n\t\t<div class=\"tg-blog-widget tg-column-3\">\n\t\t\t\t<div class=\"post-image \">\n\t\t\t<figure><a href=\"https:\/\/ascierj.com.br\/site\/um-ano-da-posse-da-primeira-turma-de-auditores-da-cge-rj\/\" title=\"Um ano da posse da primeira turma de auditores da CGE RJ\"><img loading=\"lazy\" decoding=\"async\" width=\"370\" height=\"270\" src=\"https:\/\/ascierj.com.br\/site\/wp-content\/uploads\/2025\/09\/WhatsApp-Image-2025-09-22-at-11.53.411-370x270.jpeg\" class=\"attachment-flash-grid size-flash-grid wp-post-image\" alt=\"\" \/><\/a><\/figure>\t\t\t<span class=\"entry-date\">\n\t\t\t\t<i class=\"fa fa-clock-o\"><\/i><a href=\"https:\/\/ascierj.com.br\/site\/um-ano-da-posse-da-primeira-turma-de-auditores-da-cge-rj\/\" rel=\"bookmark\">22 Setembro, 2025<\/a>\n\t\t\t<\/span>\n\t\t\t\t\t<\/div>\n\t\t<div class=\"blog-content\">\n\t\t\t<h3 class=\"entry-title\"><a href=\"https:\/\/ascierj.com.br\/site\/um-ano-da-posse-da-primeira-turma-de-auditores-da-cge-rj\/\">Um ano da posse da primeira turma de auditores da CGE RJ<\/a><\/h3>\n\t\t\t\t\t\t<div class=\"entry-summary\">\n\t\t\t\t<p>Em setembro de 2024, 29 auditores do Estado tomaram posse ap\u00f3s o primeiro concurso p\u00fablico realizado pela CGE RJ. Em [&hellip;]<\/p>\n\t\t\t<\/div>\n\t\t\t\t\t\t<div class=\"read-more-container\">\n\t\t\t\t<span class=\"entry-author\">\n\t\t\t\t\t<i class=\"fa fa-user\"><\/i><a class=\"url fn n\" href=\"https:\/\/ascierj.com.br\/site\/author\/admin\/\">admin<\/a>\n\t\t\t\t<\/span>\n\t\t\t\t<div class=\"read-more\">\n\t\t\t\t\t<a href=\"https:\/\/ascierj.com.br\/site\/um-ano-da-posse-da-primeira-turma-de-auditores-da-cge-rj\/\">Read More<\/a>\n\t\t\t\t<\/div>\n\t\t\t<\/div>\n\t\t\t\t\t<\/div>\n\t<\/div>\n\t<\/div><!-- .blog-wrapper -->\n<\/div><\/div><\/div><\/div><\/div>","protected":false},"excerpt":{"rendered":"<p>Elei\u00e7\u00f5es 2026 Ver informa\u00e7\u00f5es Edital de Convoca\u00e7\u00e3o &#8211; Elei\u00e7\u00f5es 2026\/2027 Ler edital Novos Auditores do Estado do Rio de Janeiro [&hellip;]<\/p>\n","protected":false},"author":1,"featured_media":0,"parent":0,"menu_order":0,"comment_status":"closed","ping_status":"closed","template":"page-templates\/pagebuilder.php","meta":{"footnotes":""},"class_list":["post-5","page","type-page","status-publish","hentry"],"wps_subtitle":"Advogados Associados","_links":{"self":[{"href":"https:\/\/ascierj.com.br\/site\/wp-json\/wp\/v2\/pages\/5","targetHints":{"allow":["GET"]}}],"collection":[{"href":"https:\/\/ascierj.com.br\/site\/wp-json\/wp\/v2\/pages"}],"about":[{"href":"https:\/\/ascierj.com.br\/site\/wp-json\/wp\/v2\/types\/page"}],"author":[{"embeddable":true,"href":"https:\/\/ascierj.com.br\/site\/wp-json\/wp\/v2\/users\/1"}],"replies":[{"embeddable":true,"href":"https:\/\/ascierj.com.br\/site\/wp-json\/wp\/v2\/comments?post=5"}],"version-history":[{"count":182,"href":"https:\/\/ascierj.com.br\/site\/wp-json\/wp\/v2\/pages\/5\/revisions"}],"predecessor-version":[{"id":1859,"href":"https:\/\/ascierj.com.br\/site\/wp-json\/wp\/v2\/pages\/5\/revisions\/1859"}],"wp:attachment":[{"href":"https:\/\/ascierj.com.br\/site\/wp-json\/wp\/v2\/media?parent=5"}],"curies":[{"name":"wp","href":"https:\/\/api.w.org\/{rel}","templated":true}]}}